{"id":32019,"date":"2022-07-12T10:58:59","date_gmt":"2022-07-12T10:58:59","guid":{"rendered":"https:\/\/dev.trescaires.com\/?page_id=32019"},"modified":"2022-07-12T11:00:45","modified_gmt":"2022-07-12T11:00:45","slug":"derecho-de-retirada","status":"publish","type":"page","link":"https:\/\/bodega.canfeliu.es\/tienda\/de\/rucktrittsrecht\/","title":{"rendered":"Recht auf Widerruf"},"content":{"rendered":"<div data-elementor-type=\"wp-page\" data-elementor-id=\"32019\" class=\"elementor elementor-32019\">\n\t\t\t\t\t\t\t\t\t<section class=\"wd-negative-gap elementor-section elementor-top-section elementor-element elementor-element-c48d507 elementor-section-boxed elementor-section-height-default elementor-section-height-default wd-section-disabled\" data-id=\"c48d507\" data-element_type=\"section\">\n\t\t\t\t\t\t<div class=\"elementor-container elementor-column-gap-default\">\n\t\t\t\t\t<div class=\"elementor-column elementor-col-100 elementor-top-column elementor-element elementor-element-b2d5115\" data-id=\"b2d5115\" data-element_type=\"column\">\n\t\t\t<div class=\"elementor-widget-wrap elementor-element-populated\">\n\t\t\t\t\t\t\t\t<div class=\"elementor-element elementor-element-cb357d7 elementor-widget elementor-widget-wd_text_block\" data-id=\"cb357d7\" data-element_type=\"widget\" data-widget_type=\"wd_text_block.default\">\n\t\t\t\t<div class=\"elementor-widget-container\">\n\t\t\t\t\t<div class=\"wd-text-block reset-last-child text-left\">\n\t\t\t\n\t\t\t<p>KEHRT ZUR\u00dcCK<\/p><p>Der Nutzer hat das Recht, die erteilte Bestellung bis zum Wirksamwerden des Versands oder der Abholung kostenlos zu stornieren. Sobald die Bestellung dem Transportunternehmen zur Verf\u00fcgung gestellt wird oder der Nutzer seine Bestellung an einer der eingerichteten Abholstellen abgeholt hat, gilt die Reklamation des Nutzers als Retoure.<\/p><p>1. R\u00dcCKGABEZEIT<\/p><p>\u00a0Der Benutzer kann die R\u00fcckgabe bis zu 14 Kalendertage nach Erhalt des Produkts vornehmen.<\/p><p>2. R\u00dcCKKAN\u00c4LE<\/p><p>Wenn der Benutzer eine R\u00fccksendung vornehmen m\u00f6chte, muss er dies \u00fcber diese Kan\u00e4le tun und dabei die Bestellnummer und die zur\u00fcckzusendenden Produkte angeben:<\/p><p>- Durch Senden einer E-Mail an\u00a0<a href=\"https:\/\/trescairesonline.es\/l\/ventasonline@trescaires.com\">salesonline@trescaires.com<\/a><\/p><p>- Pers\u00f6nlich in unseren Lagern auf Mallorca von Montag bis Freitag von 8:30 bis 15:00 Uhr.\u00a0<\/p><p>C\/ Mar Mediterranea, 48 07180 Pol Son Bugadelles-Calvia<\/p><p>Sobald wir die R\u00fccksendeanfrage mit den erforderlichen Daten daf\u00fcr haben, senden wir Ihnen innerhalb der n\u00e4chsten 48 Stunden eine Anleitung an Ihre E-Mail, damit Sie sie verwenden und die Produkte zur\u00fccksenden k\u00f6nnen. Sie m\u00fcssen die ausgef\u00fcllte Anleitung ausdrucken und mit dem Produkt mitnehmen<\/p><p>F\u00fcr den Fall, dass das Produkt die Bedingungen zur Annahme der R\u00fccksendung nicht erf\u00fcllt. Wir informieren den Benutzer per E-Mail \u00fcber den Grund, warum die \u00c4nderung und\/oder Garantie nicht anwendbar ist.<\/p><p>3. FORMEL UND ZEITEN DER R\u00dcCKERSTATTUNG<\/p><p>- Verwenden der gleichen Zahlungsmittel, die der Benutzer f\u00fcr den urspr\u00fcnglichen Kauf verwendet hat.<\/p><p>- Umtausch des Produkts gegen ein neues oder ein anderes (vorherige Zahlung der Versandkosten, falls vorhanden).<\/p><p>-Gutschein f\u00fcr einen Neukauf, g\u00fcltig f\u00fcr eine begrenzte Zeit von 6 Monaten.<\/p><p>Nach \u00dcberpr\u00fcfung des guten Zustands der Produkte wird der den zur\u00fcckgegebenen Einheiten entsprechende Betrag innerhalb von maximal 10 Kalendertagen zur\u00fcckerstattet.\u00a0<\/p><p>4.<strong>\u00a0Bedingungen des Produkts f\u00fcr die R\u00fccksendung gelten.<\/strong><\/p><p>-Das R\u00fcckgaberecht kann nicht ausge\u00fcbt werden, wenn es Anzeichen daf\u00fcr gibt, dass die Produkte ge\u00f6ffnet, manipuliert oder unangemessenen Bedingungen ausgesetzt wurden.<\/p><p>- Es ist obligatorisch, die Produkte ordnungsgem\u00e4\u00df gesch\u00fctzt, in der Originalverpackung und in einwandfreiem Zustand f\u00fcr den sp\u00e4teren Verkauf zur\u00fcckzusenden.<\/p><p>-Pakete ohne Identifikationsmerkmale des Absenders (Vorname, Nachname, Adresse, Auftragsnummer) k\u00f6nnen nicht angenommen werden.<\/p><p>-Die R\u00fcckgabe der angeforderten Produkte f\u00fchrt zur R\u00fcckerstattung aller vom Benutzer gezahlten Betr\u00e4ge.<\/p><p>F\u00fcr den Fall, dass die R\u00fcckgabebedingungen nicht erf\u00fcllt sind, entscheidet der Benutzer \u00fcber den endg\u00fcltigen Bestimmungsort des Produkts und tr\u00e4gt gegebenenfalls die Kosten.<\/p><p>5. Die Versandkosten tr\u00e4gt der Kunde, ebenso die R\u00fccksendekosten. Ausgenommen von diesem Fall sind R\u00fccksendungen, die auf unseren Fehler oder einen Produktfehler zur\u00fcckzuf\u00fchren sind. In einem solchen Fall verpflichtet sich Destil leries i Cellers Jordi Perell\u00f3 SL, das defekte Produkt gegen ein gleichwertiges auszutauschen oder den Betrag zu erstatten. Sie tragen auch die Kosten der R\u00fccksendung und des anschlie\u00dfenden Versands.<\/p><p>Es gibt keinen Widerruf in den in Artikel 103 des K\u00f6niglichen Gesetzesdekrets 1\/2007 vom 16. November vorgesehenen F\u00e4llen, mit dem der konsolidierte Text des Allgemeinen Gesetzes zum Schutz der Verbraucher und Benutzer genehmigt wird. Aufz\u00e4hlend, aber nicht einschr\u00e4nkend, gibt es im Falle von personalisierten oder verderblichen Produkten keine R\u00fcckgabe, unbeschadet des Vorstehenden, im Zweifelsfall kann sich der Kunde im Voraus an Destil leries i Cellers Jordi Perell\u00f3 SL wenden.<\/p>\n\t\t\t\t\t<\/div>\n\t\t\t\t<\/div>\n\t\t\t\t<\/div>\n\t\t\t\t\t<\/div>\n\t\t<\/div>\n\t\t\t\t\t\t\t<\/div>\n\t\t<\/section>\n\t\t\t\t\t\t\t<\/div>","protected":false},"excerpt":{"rendered":"<p>DEVOLUCIONES El Usuario tiene derecho a la cancelaci\u00f3n del pedido realizado sin coste alguno hasta el momento en que el<\/p>","protected":false},"author":1,"featured_media":0,"parent":0,"menu_order":0,"comment_status":"closed","ping_status":"closed","template":"","meta":{"footnotes":""},"class_list":["post-32019","page","type-page","status-publish","hentry"],"yoast_head":"<!-- This site is optimized with the Yoast SEO plugin v23.5 - https:\/\/yoast.com\/wordpress\/plugins\/seo\/ -->\n<title>Bodega Can Feliu -<\/title>\n<meta name=\"description\" content=\"La bodega Can Feliu es el coraz\u00f3n de nuestro Agroturismo. Un alojamiento para amantes de la naturaleza. Una bodega en Mallorca donde encontrar\u00e1s la mejor selecci\u00f3n de vinos.\" \/>\n<meta name=\"robots\" content=\"index, follow, max-snippet:-1, max-image-preview:large, max-video-preview:-1\" \/>\n<link rel=\"canonical\" href=\"https:\/\/bodega.canfeliu.es\/tienda\/de\/rucktrittsrecht\/\" \/>\n<meta property=\"og:locale\" content=\"de_DE\" \/>\n<meta property=\"og:type\" content=\"article\" \/>\n<meta property=\"og:title\" content=\"Bodega Can Feliu -\" \/>\n<meta property=\"og:description\" content=\"La bodega Can Feliu es el coraz\u00f3n de nuestro Agroturismo. Un alojamiento para amantes de la naturaleza. Una bodega en Mallorca donde encontrar\u00e1s la mejor selecci\u00f3n de vinos.\" \/>\n<meta property=\"og:url\" content=\"https:\/\/bodega.canfeliu.es\/tienda\/de\/rucktrittsrecht\/\" \/>\n<meta property=\"og:site_name\" content=\"Bodega Can Feliu\" \/>\n<meta property=\"article:publisher\" content=\"https:\/\/www.facebook.com\/destileriasjordiperello\" \/>\n<meta property=\"article:modified_time\" content=\"2022-07-12T11:00:45+00:00\" \/>\n<meta name=\"twitter:card\" content=\"summary_large_image\" \/>\n<meta name=\"twitter:site\" content=\"@trescaires\" \/>\n<meta name=\"twitter:label1\" content=\"Gesch\u00e4tzte Lesezeit\" \/>\n\t<meta name=\"twitter:data1\" content=\"31\u00a0Minuten\" \/>\n<script type=\"application\/ld+json\" class=\"yoast-schema-graph\">{\"@context\":\"https:\/\/schema.org\",\"@graph\":[{\"@type\":\"WebPage\",\"@id\":\"https:\/\/bodega.canfeliu.es\/tienda\/derecho-de-retirada\/\",\"url\":\"https:\/\/bodega.canfeliu.es\/tienda\/derecho-de-retirada\/\",\"name\":\"Bodega Can Feliu -\",\"isPartOf\":{\"@id\":\"https:\/\/bodega.canfeliu.es\/tienda\/#website\"},\"datePublished\":\"2022-07-12T10:58:59+00:00\",\"dateModified\":\"2022-07-12T11:00:45+00:00\",\"description\":\"La bodega Can Feliu es el coraz\u00f3n de nuestro Agroturismo. Un alojamiento para amantes de la naturaleza. Una bodega en Mallorca donde encontrar\u00e1s la mejor selecci\u00f3n de vinos.\",\"breadcrumb\":{\"@id\":\"https:\/\/bodega.canfeliu.es\/tienda\/derecho-de-retirada\/#breadcrumb\"},\"inLanguage\":\"de\",\"potentialAction\":[{\"@type\":\"ReadAction\",\"target\":[\"https:\/\/bodega.canfeliu.es\/tienda\/derecho-de-retirada\/\"]}]},{\"@type\":\"BreadcrumbList\",\"@id\":\"https:\/\/bodega.canfeliu.es\/tienda\/derecho-de-retirada\/#breadcrumb\",\"itemListElement\":[{\"@type\":\"ListItem\",\"position\":1,\"name\":\"Home\",\"item\":\"https:\/\/bodega.canfeliu.es\/tienda\/\"},{\"@type\":\"ListItem\",\"position\":2,\"name\":\"Derecho de retirada\"}]},{\"@type\":\"WebSite\",\"@id\":\"https:\/\/bodega.canfeliu.es\/tienda\/#website\",\"url\":\"https:\/\/bodega.canfeliu.es\/tienda\/\",\"name\":\"Tienda Online - Bodega Can Feliu\",\"description\":\"Tienda de vinos de Can Feliu\",\"publisher\":{\"@id\":\"https:\/\/bodega.canfeliu.es\/tienda\/#organization\"},\"potentialAction\":[{\"@type\":\"SearchAction\",\"target\":{\"@type\":\"EntryPoint\",\"urlTemplate\":\"https:\/\/bodega.canfeliu.es\/tienda\/?s={search_term_string}\"},\"query-input\":{\"@type\":\"PropertyValueSpecification\",\"valueRequired\":true,\"valueName\":\"search_term_string\"}}],\"inLanguage\":\"de\"},{\"@type\":\"Organization\",\"@id\":\"https:\/\/bodega.canfeliu.es\/tienda\/#organization\",\"name\":\"Bodega Can Feliu\",\"url\":\"https:\/\/bodega.canfeliu.es\/tienda\/\",\"logo\":{\"@type\":\"ImageObject\",\"inLanguage\":\"de\",\"@id\":\"https:\/\/bodega.canfeliu.es\/tienda\/#\/schema\/logo\/image\/\",\"url\":\"https:\/\/bodega.canfeliu.es\/wp-content\/uploads\/CANFELIU.png\",\"contentUrl\":\"https:\/\/bodega.canfeliu.es\/wp-content\/uploads\/CANFELIU.png\",\"width\":971,\"height\":679,\"caption\":\"Bodega Can Feliu\"},\"image\":{\"@id\":\"https:\/\/bodega.canfeliu.es\/tienda\/#\/schema\/logo\/image\/\"},\"sameAs\":[\"https:\/\/www.facebook.com\/destileriasjordiperello\",\"https:\/\/x.com\/trescaires\",\"https:\/\/www.instagram.com\/3caires\/\",\"https:\/\/www.youtube.com\/channel\/UC6ap8Z44twW0MjR2lQ6WeEw\"]}]}<\/script>\n<!-- \/ Yoast SEO plugin. -->","yoast_head_json":{"title":"Bodega Can Feliu -","description":"La bodega Can Feliu es el coraz\u00f3n de nuestro Agroturismo. Un alojamiento para amantes de la naturaleza. Una bodega en Mallorca donde encontrar\u00e1s la mejor selecci\u00f3n de vinos.","robots":{"index":"index","follow":"follow","max-snippet":"max-snippet:-1","max-image-preview":"max-image-preview:large","max-video-preview":"max-video-preview:-1"},"canonical":"https:\/\/bodega.canfeliu.es\/tienda\/de\/rucktrittsrecht\/","og_locale":"de_DE","og_type":"article","og_title":"Bodega Can Feliu -","og_description":"La bodega Can Feliu es el coraz\u00f3n de nuestro Agroturismo. Un alojamiento para amantes de la naturaleza. Una bodega en Mallorca donde encontrar\u00e1s la mejor selecci\u00f3n de vinos.","og_url":"https:\/\/bodega.canfeliu.es\/tienda\/de\/rucktrittsrecht\/","og_site_name":"Bodega Can Feliu","article_publisher":"https:\/\/www.facebook.com\/destileriasjordiperello","article_modified_time":"2022-07-12T11:00:45+00:00","twitter_card":"summary_large_image","twitter_site":"@trescaires","twitter_misc":{"Gesch\u00e4tzte Lesezeit":"31\u00a0Minuten"},"schema":{"@context":"https:\/\/schema.org","@graph":[{"@type":"WebPage","@id":"https:\/\/bodega.canfeliu.es\/tienda\/derecho-de-retirada\/","url":"https:\/\/bodega.canfeliu.es\/tienda\/derecho-de-retirada\/","name":"Bodega Can Feliu -","isPartOf":{"@id":"https:\/\/bodega.canfeliu.es\/tienda\/#website"},"datePublished":"2022-07-12T10:58:59+00:00","dateModified":"2022-07-12T11:00:45+00:00","description":"La bodega Can Feliu es el coraz\u00f3n de nuestro Agroturismo. Un alojamiento para amantes de la naturaleza. Una bodega en Mallorca donde encontrar\u00e1s la mejor selecci\u00f3n de vinos.","breadcrumb":{"@id":"https:\/\/bodega.canfeliu.es\/tienda\/derecho-de-retirada\/#breadcrumb"},"inLanguage":"de","potentialAction":[{"@type":"ReadAction","target":["https:\/\/bodega.canfeliu.es\/tienda\/derecho-de-retirada\/"]}]},{"@type":"BreadcrumbList","@id":"https:\/\/bodega.canfeliu.es\/tienda\/derecho-de-retirada\/#breadcrumb","itemListElement":[{"@type":"ListItem","position":1,"name":"Home","item":"https:\/\/bodega.canfeliu.es\/tienda\/"},{"@type":"ListItem","position":2,"name":"Derecho de retirada"}]},{"@type":"WebSite","@id":"https:\/\/bodega.canfeliu.es\/tienda\/#website","url":"https:\/\/bodega.canfeliu.es\/tienda\/","name":"Tienda Online - Bodega Can Feliu","description":"Tienda de vinos de Can Feliu","publisher":{"@id":"https:\/\/bodega.canfeliu.es\/tienda\/#organization"},"potentialAction":[{"@type":"SearchAction","target":{"@type":"EntryPoint","urlTemplate":"https:\/\/bodega.canfeliu.es\/tienda\/?s={search_term_string}"},"query-input":{"@type":"PropertyValueSpecification","valueRequired":true,"valueName":"search_term_string"}}],"inLanguage":"de"},{"@type":"Organization","@id":"https:\/\/bodega.canfeliu.es\/tienda\/#organization","name":"Bodega Can Feliu","url":"https:\/\/bodega.canfeliu.es\/tienda\/","logo":{"@type":"ImageObject","inLanguage":"de","@id":"https:\/\/bodega.canfeliu.es\/tienda\/#\/schema\/logo\/image\/","url":"https:\/\/bodega.canfeliu.es\/wp-content\/uploads\/CANFELIU.png","contentUrl":"https:\/\/bodega.canfeliu.es\/wp-content\/uploads\/CANFELIU.png","width":971,"height":679,"caption":"Bodega Can Feliu"},"image":{"@id":"https:\/\/bodega.canfeliu.es\/tienda\/#\/schema\/logo\/image\/"},"sameAs":["https:\/\/www.facebook.com\/destileriasjordiperello","https:\/\/x.com\/trescaires","https:\/\/www.instagram.com\/3caires\/","https:\/\/www.youtube.com\/channel\/UC6ap8Z44twW0MjR2lQ6WeEw"]}]}},"_links":{"self":[{"href":"https:\/\/bodega.canfeliu.es\/tienda\/de\/wp-json\/wp\/v2\/pages\/32019","targetHints":{"allow":["GET"]}}],"collection":[{"href":"https:\/\/bodega.canfeliu.es\/tienda\/de\/wp-json\/wp\/v2\/pages"}],"about":[{"href":"https:\/\/bodega.canfeliu.es\/tienda\/de\/wp-json\/wp\/v2\/types\/page"}],"author":[{"embeddable":true,"href":"https:\/\/bodega.canfeliu.es\/tienda\/de\/wp-json\/wp\/v2\/users\/1"}],"replies":[{"embeddable":true,"href":"https:\/\/bodega.canfeliu.es\/tienda\/de\/wp-json\/wp\/v2\/comments?post=32019"}],"version-history":[{"count":0,"href":"https:\/\/bodega.canfeliu.es\/tienda\/de\/wp-json\/wp\/v2\/pages\/32019\/revisions"}],"wp:attachment":[{"href":"https:\/\/bodega.canfeliu.es\/tienda\/de\/wp-json\/wp\/v2\/media?parent=32019"}],"curies":[{"name":"wp","href":"https:\/\/api.w.org\/{rel}","templated":true}]}}