{"id":28949,"date":"2022-07-08T09:37:02","date_gmt":"2022-07-08T09:37:02","guid":{"rendered":"https:\/\/dev.trescaires.com\/producto\/campo-nuevo-blanco\/"},"modified":"2026-04-29T17:44:24","modified_gmt":"2026-04-29T17:44:24","slug":"ale-merlot","status":"publish","type":"product","link":"https:\/\/bodega.canfeliu.es\/tienda\/en\/product\/field-new-white\/","title":{"rendered":"Merlot Can Feliu 2020 &#8211; Gran Reserva"},"content":{"rendered":"","protected":false},"excerpt":{"rendered":"<p><span style=\"font-weight: 400;\"><strong>SOURCE<\/strong>: IGP Vi de la Terra de Mallorca.<\/span><\/p>\n<p><span style=\"font-weight: 400;\"><strong>TYPE OF WINE<\/strong>: Red wine aged in French oak<\/span><\/p>\n<p><span style=\"font-weight: 400;\"><strong>GRAPE VARIETIES<\/strong>: Merlot 100%<\/span><\/p>\n<p><span style=\"font-weight: 400;\"><strong>HARVEST<\/strong>: El verano del 2020 fue seco y suave, perfecto para las condiciones fitosanitarias de la uva. La uva Merlot fue vendimiada la segunda semana de septiembre.<\/span><\/p>\n<p><span style=\"font-weight: 400;\"><strong>Grado alcoh\u00f3lico:<\/strong> 14% vol.<\/span><\/p>\n<p><span style=\"font-weight: 400;\"><strong>PROCESS<\/strong>: Las uvas fueron seleccionadas y vendimiadas a mano en vi\u00f1edos cercanos a la propiedad. Se usaron m\u00e9todos tradicionales acorde con la legislaci\u00f3n Demeter sin levaduras ni bacterias a\u00f1adidas y s\u00f3lo con fermentaci\u00f3n espont\u00e1nea. La fermentaci\u00f3n a temperatura controlada se hizo en tanques de acero inoxidable y la crianza en barrica de roble franc\u00e9s fue de 12 meses.<\/span><\/p>\n<p><strong>SENSORY ANALYSIS<\/strong><\/p>\n<p><span style=\"font-weight: 400;\"><strong>Fase Visual<\/strong>: Rojo teja con tonos viol\u00e1ceos. Intensidad muy alta.<\/span><\/p>\n<p><span style=\"font-weight: 400;\"><strong>Fase Olfativa<\/strong>: <\/span>En nariz se perciben aromas a frutas rojas maduras, laurel, sotobosque, pimienta en grano, con ahumados de cedro, aportados por su paso por barrica.<\/p>\n<p><span style=\"font-weight: 400;\"><strong>Gustatory phase:<\/strong> En boca tiene un paso ligero, equilibrado, amable y goloso, con una acidez y taninos bien integrados.<\/span><\/p>\n<p><span style=\"font-weight: 400;\"><strong>Temperatura de servicio<\/strong>: 15 \u2013 17 \u1d52 approximately.<\/span><\/p>\n<p><span style=\"font-weight: 400;\"><strong>Maridaje y armon\u00eda<\/strong>: Carnes de caza y aves. Tambi\u00e9n pastas y arroces.<\/span><\/p>","protected":false},"featured_media":35209,"comment_status":"open","ping_status":"closed","template":"","meta":[],"product_cat":[271],"product_tag":[],"class_list":{"0":"post-28949","1":"product","2":"type-product","3":"status-publish","4":"has-post-thumbnail","6":"product_cat-vinos-tinto","8":"first","9":"instock","10":"shipping-taxable","11":"purchasable","12":"product-type-simple"},"yoast_head":"<!-- This site is optimized with the Yoast SEO plugin v23.5 - https:\/\/yoast.com\/wordpress\/plugins\/seo\/ -->\n<title>Merlot Can Feliu 2020 - Gran Reserva - Bodega Can Feliu<\/title>\n<meta name=\"robots\" content=\"index, follow, max-snippet:-1, max-image-preview:large, max-video-preview:-1\" \/>\n<link rel=\"canonical\" href=\"https:\/\/bodega.canfeliu.es\/tienda\/en\/product\/field-new-white\/\" \/>\n<meta property=\"og:locale\" content=\"en_GB\" \/>\n<meta property=\"og:type\" content=\"article\" \/>\n<meta property=\"og:title\" content=\"Merlot Can Feliu 2020 - Gran Reserva - Bodega Can Feliu\" \/>\n<meta property=\"og:description\" content=\"ORIGEN: IGP Vi de la Terra de Mallorca.  TIPO DE VINO: Vino tinto envejecido en roble franc\u00e9s  VARIEDADES DE UVA: Merlot 100%  COSECHA: El verano del 2020 fue seco y suave, perfecto para las condiciones fitosanitarias de la uva. La uva Merlot fue vendimiada la segunda semana de septiembre.  Grado alcoh\u00f3lico: 14% vol.  PROCESO: Las uvas fueron seleccionadas y vendimiadas a mano en vi\u00f1edos cercanos a la propiedad. Se usaron m\u00e9todos tradicionales acorde con la legislaci\u00f3n Demeter sin levaduras ni bacterias a\u00f1adidas y s\u00f3lo con fermentaci\u00f3n espont\u00e1nea. La fermentaci\u00f3n a temperatura controlada se hizo en tanques de acero inoxidable y la crianza en barrica de roble franc\u00e9s fue de 12 meses.  AN\u00c1LISIS SENSORIAL  Fase Visual: Rojo teja con tonos viol\u00e1ceos. Intensidad muy alta.  Fase Olfativa: En nariz se perciben aromas a frutas rojas maduras, laurel, sotobosque, pimienta en grano, con ahumados de cedro, aportados por su paso por barrica.  Fase gustativa: En boca tiene un paso ligero, equilibrado, amable y goloso, con una acidez y taninos bien integrados.  Temperatura de servicio: 15 \u2013 17 \u1d52 aproximadamente.  Maridaje y armon\u00eda: Carnes de caza y aves. Tambi\u00e9n pastas y arroces.\" \/>\n<meta property=\"og:url\" content=\"https:\/\/bodega.canfeliu.es\/tienda\/en\/product\/field-new-white\/\" \/>\n<meta property=\"og:site_name\" content=\"Bodega Can Feliu\" \/>\n<meta property=\"article:publisher\" content=\"https:\/\/www.facebook.com\/destileriasjordiperello\" \/>\n<meta property=\"article:modified_time\" content=\"2026-04-29T17:44:24+00:00\" \/>\n<meta property=\"og:image\" content=\"https:\/\/bodega.canfeliu.es\/wp-content\/uploads\/aledemerlot-1-scaled-e1683801264615.jpg\" \/>\n\t<meta property=\"og:image:width\" content=\"1280\" \/>\n\t<meta property=\"og:image:height\" content=\"2560\" \/>\n\t<meta property=\"og:image:type\" content=\"image\/jpeg\" \/>\n<meta name=\"twitter:card\" content=\"summary_large_image\" \/>\n<meta name=\"twitter:site\" content=\"@trescaires\" \/>\n<meta name=\"twitter:label1\" content=\"Estimated reading time\" \/>\n\t<meta name=\"twitter:data1\" content=\"1 minute\" \/>\n<script type=\"application\/ld+json\" class=\"yoast-schema-graph\">{\"@context\":\"https:\/\/schema.org\",\"@graph\":[{\"@type\":\"WebPage\",\"@id\":\"https:\/\/bodega.canfeliu.es\/tienda\/producto\/ale-merlot\/\",\"url\":\"https:\/\/bodega.canfeliu.es\/tienda\/producto\/ale-merlot\/\",\"name\":\"Merlot Can Feliu 2020 - Gran Reserva - Bodega Can Feliu\",\"isPartOf\":{\"@id\":\"https:\/\/bodega.canfeliu.es\/tienda\/#website\"},\"primaryImageOfPage\":{\"@id\":\"https:\/\/bodega.canfeliu.es\/tienda\/producto\/ale-merlot\/#primaryimage\"},\"image\":{\"@id\":\"https:\/\/bodega.canfeliu.es\/tienda\/producto\/ale-merlot\/#primaryimage\"},\"thumbnailUrl\":\"https:\/\/bodega.canfeliu.es\/wp-content\/uploads\/aledemerlot-1-scaled-e1683801264615.jpg\",\"datePublished\":\"2022-07-08T09:37:02+00:00\",\"dateModified\":\"2026-04-29T17:44:24+00:00\",\"breadcrumb\":{\"@id\":\"https:\/\/bodega.canfeliu.es\/tienda\/producto\/ale-merlot\/#breadcrumb\"},\"inLanguage\":\"en-GB\",\"potentialAction\":[{\"@type\":\"ReadAction\",\"target\":[\"https:\/\/bodega.canfeliu.es\/tienda\/producto\/ale-merlot\/\"]}]},{\"@type\":\"ImageObject\",\"inLanguage\":\"en-GB\",\"@id\":\"https:\/\/bodega.canfeliu.es\/tienda\/producto\/ale-merlot\/#primaryimage\",\"url\":\"https:\/\/bodega.canfeliu.es\/wp-content\/uploads\/aledemerlot-1-scaled-e1683801264615.jpg\",\"contentUrl\":\"https:\/\/bodega.canfeliu.es\/wp-content\/uploads\/aledemerlot-1-scaled-e1683801264615.jpg\",\"width\":1280,\"height\":2560},{\"@type\":\"BreadcrumbList\",\"@id\":\"https:\/\/bodega.canfeliu.es\/tienda\/producto\/ale-merlot\/#breadcrumb\",\"itemListElement\":[{\"@type\":\"ListItem\",\"position\":1,\"name\":\"Home\",\"item\":\"https:\/\/bodega.canfeliu.es\/tienda\/\"},{\"@type\":\"ListItem\",\"position\":2,\"name\":\"Tienda\",\"item\":\"https:\/\/bodega.canfeliu.es\/tienda\/\"},{\"@type\":\"ListItem\",\"position\":3,\"name\":\"Merlot Can Feliu 2020 &#8211; Gran Reserva\"}]},{\"@type\":\"WebSite\",\"@id\":\"https:\/\/bodega.canfeliu.es\/tienda\/#website\",\"url\":\"https:\/\/bodega.canfeliu.es\/tienda\/\",\"name\":\"Tienda Online - Bodega Can Feliu\",\"description\":\"Tienda de vinos de Can Feliu\",\"publisher\":{\"@id\":\"https:\/\/bodega.canfeliu.es\/tienda\/#organization\"},\"potentialAction\":[{\"@type\":\"SearchAction\",\"target\":{\"@type\":\"EntryPoint\",\"urlTemplate\":\"https:\/\/bodega.canfeliu.es\/tienda\/?s={search_term_string}\"},\"query-input\":{\"@type\":\"PropertyValueSpecification\",\"valueRequired\":true,\"valueName\":\"search_term_string\"}}],\"inLanguage\":\"en-GB\"},{\"@type\":\"Organization\",\"@id\":\"https:\/\/bodega.canfeliu.es\/tienda\/#organization\",\"name\":\"Bodega Can Feliu\",\"url\":\"https:\/\/bodega.canfeliu.es\/tienda\/\",\"logo\":{\"@type\":\"ImageObject\",\"inLanguage\":\"en-GB\",\"@id\":\"https:\/\/bodega.canfeliu.es\/tienda\/#\/schema\/logo\/image\/\",\"url\":\"https:\/\/bodega.canfeliu.es\/wp-content\/uploads\/CANFELIU.png\",\"contentUrl\":\"https:\/\/bodega.canfeliu.es\/wp-content\/uploads\/CANFELIU.png\",\"width\":971,\"height\":679,\"caption\":\"Bodega Can Feliu\"},\"image\":{\"@id\":\"https:\/\/bodega.canfeliu.es\/tienda\/#\/schema\/logo\/image\/\"},\"sameAs\":[\"https:\/\/www.facebook.com\/destileriasjordiperello\",\"https:\/\/x.com\/trescaires\",\"https:\/\/www.instagram.com\/3caires\/\",\"https:\/\/www.youtube.com\/channel\/UC6ap8Z44twW0MjR2lQ6WeEw\"]}]}<\/script>\n<!-- \/ Yoast SEO plugin. -->","yoast_head_json":{"title":"Merlot Can Feliu 2020 - Gran Reserva - Bodega Can Feliu","robots":{"index":"index","follow":"follow","max-snippet":"max-snippet:-1","max-image-preview":"max-image-preview:large","max-video-preview":"max-video-preview:-1"},"canonical":"https:\/\/bodega.canfeliu.es\/tienda\/en\/product\/field-new-white\/","og_locale":"en_GB","og_type":"article","og_title":"Merlot Can Feliu 2020 - Gran Reserva - Bodega Can Feliu","og_description":"ORIGEN: IGP Vi de la Terra de Mallorca.  TIPO DE VINO: Vino tinto envejecido en roble franc\u00e9s  VARIEDADES DE UVA: Merlot 100%  COSECHA: El verano del 2020 fue seco y suave, perfecto para las condiciones fitosanitarias de la uva. La uva Merlot fue vendimiada la segunda semana de septiembre.  Grado alcoh\u00f3lico: 14% vol.  PROCESO: Las uvas fueron seleccionadas y vendimiadas a mano en vi\u00f1edos cercanos a la propiedad. Se usaron m\u00e9todos tradicionales acorde con la legislaci\u00f3n Demeter sin levaduras ni bacterias a\u00f1adidas y s\u00f3lo con fermentaci\u00f3n espont\u00e1nea. La fermentaci\u00f3n a temperatura controlada se hizo en tanques de acero inoxidable y la crianza en barrica de roble franc\u00e9s fue de 12 meses.  AN\u00c1LISIS SENSORIAL  Fase Visual: Rojo teja con tonos viol\u00e1ceos. Intensidad muy alta.  Fase Olfativa: En nariz se perciben aromas a frutas rojas maduras, laurel, sotobosque, pimienta en grano, con ahumados de cedro, aportados por su paso por barrica.  Fase gustativa: En boca tiene un paso ligero, equilibrado, amable y goloso, con una acidez y taninos bien integrados.  Temperatura de servicio: 15 \u2013 17 \u1d52 aproximadamente.  Maridaje y armon\u00eda: Carnes de caza y aves. Tambi\u00e9n pastas y arroces.","og_url":"https:\/\/bodega.canfeliu.es\/tienda\/en\/product\/field-new-white\/","og_site_name":"Bodega Can Feliu","article_publisher":"https:\/\/www.facebook.com\/destileriasjordiperello","article_modified_time":"2026-04-29T17:44:24+00:00","og_image":[{"width":1280,"height":2560,"url":"https:\/\/bodega.canfeliu.es\/wp-content\/uploads\/aledemerlot-1-scaled-e1683801264615.jpg","type":"image\/jpeg"}],"twitter_card":"summary_large_image","twitter_site":"@trescaires","twitter_misc":{"Estimated reading time":"1 minute"},"schema":{"@context":"https:\/\/schema.org","@graph":[{"@type":"WebPage","@id":"https:\/\/bodega.canfeliu.es\/tienda\/producto\/ale-merlot\/","url":"https:\/\/bodega.canfeliu.es\/tienda\/producto\/ale-merlot\/","name":"Merlot Can Feliu 2020 - Gran Reserva - Bodega Can Feliu","isPartOf":{"@id":"https:\/\/bodega.canfeliu.es\/tienda\/#website"},"primaryImageOfPage":{"@id":"https:\/\/bodega.canfeliu.es\/tienda\/producto\/ale-merlot\/#primaryimage"},"image":{"@id":"https:\/\/bodega.canfeliu.es\/tienda\/producto\/ale-merlot\/#primaryimage"},"thumbnailUrl":"https:\/\/bodega.canfeliu.es\/wp-content\/uploads\/aledemerlot-1-scaled-e1683801264615.jpg","datePublished":"2022-07-08T09:37:02+00:00","dateModified":"2026-04-29T17:44:24+00:00","breadcrumb":{"@id":"https:\/\/bodega.canfeliu.es\/tienda\/producto\/ale-merlot\/#breadcrumb"},"inLanguage":"en-GB","potentialAction":[{"@type":"ReadAction","target":["https:\/\/bodega.canfeliu.es\/tienda\/producto\/ale-merlot\/"]}]},{"@type":"ImageObject","inLanguage":"en-GB","@id":"https:\/\/bodega.canfeliu.es\/tienda\/producto\/ale-merlot\/#primaryimage","url":"https:\/\/bodega.canfeliu.es\/wp-content\/uploads\/aledemerlot-1-scaled-e1683801264615.jpg","contentUrl":"https:\/\/bodega.canfeliu.es\/wp-content\/uploads\/aledemerlot-1-scaled-e1683801264615.jpg","width":1280,"height":2560},{"@type":"BreadcrumbList","@id":"https:\/\/bodega.canfeliu.es\/tienda\/producto\/ale-merlot\/#breadcrumb","itemListElement":[{"@type":"ListItem","position":1,"name":"Home","item":"https:\/\/bodega.canfeliu.es\/tienda\/"},{"@type":"ListItem","position":2,"name":"Tienda","item":"https:\/\/bodega.canfeliu.es\/tienda\/"},{"@type":"ListItem","position":3,"name":"Merlot Can Feliu 2020 &#8211; Gran Reserva"}]},{"@type":"WebSite","@id":"https:\/\/bodega.canfeliu.es\/tienda\/#website","url":"https:\/\/bodega.canfeliu.es\/tienda\/","name":"Tienda Online - Bodega Can Feliu","description":"Tienda de vinos de Can Feliu","publisher":{"@id":"https:\/\/bodega.canfeliu.es\/tienda\/#organization"},"potentialAction":[{"@type":"SearchAction","target":{"@type":"EntryPoint","urlTemplate":"https:\/\/bodega.canfeliu.es\/tienda\/?s={search_term_string}"},"query-input":{"@type":"PropertyValueSpecification","valueRequired":true,"valueName":"search_term_string"}}],"inLanguage":"en-GB"},{"@type":"Organization","@id":"https:\/\/bodega.canfeliu.es\/tienda\/#organization","name":"Bodega Can Feliu","url":"https:\/\/bodega.canfeliu.es\/tienda\/","logo":{"@type":"ImageObject","inLanguage":"en-GB","@id":"https:\/\/bodega.canfeliu.es\/tienda\/#\/schema\/logo\/image\/","url":"https:\/\/bodega.canfeliu.es\/wp-content\/uploads\/CANFELIU.png","contentUrl":"https:\/\/bodega.canfeliu.es\/wp-content\/uploads\/CANFELIU.png","width":971,"height":679,"caption":"Bodega Can Feliu"},"image":{"@id":"https:\/\/bodega.canfeliu.es\/tienda\/#\/schema\/logo\/image\/"},"sameAs":["https:\/\/www.facebook.com\/destileriasjordiperello","https:\/\/x.com\/trescaires","https:\/\/www.instagram.com\/3caires\/","https:\/\/www.youtube.com\/channel\/UC6ap8Z44twW0MjR2lQ6WeEw"]}]}},"_links":{"self":[{"href":"https:\/\/bodega.canfeliu.es\/tienda\/en\/wp-json\/wp\/v2\/product\/28949","targetHints":{"allow":["GET"]}}],"collection":[{"href":"https:\/\/bodega.canfeliu.es\/tienda\/en\/wp-json\/wp\/v2\/product"}],"about":[{"href":"https:\/\/bodega.canfeliu.es\/tienda\/en\/wp-json\/wp\/v2\/types\/product"}],"replies":[{"embeddable":true,"href":"https:\/\/bodega.canfeliu.es\/tienda\/en\/wp-json\/wp\/v2\/comments?post=28949"}],"version-history":[{"count":5,"href":"https:\/\/bodega.canfeliu.es\/tienda\/en\/wp-json\/wp\/v2\/product\/28949\/revisions"}],"predecessor-version":[{"id":35373,"href":"https:\/\/bodega.canfeliu.es\/tienda\/en\/wp-json\/wp\/v2\/product\/28949\/revisions\/35373"}],"wp:featuredmedia":[{"embeddable":true,"href":"https:\/\/bodega.canfeliu.es\/tienda\/en\/wp-json\/wp\/v2\/media\/35209"}],"wp:attachment":[{"href":"https:\/\/bodega.canfeliu.es\/tienda\/en\/wp-json\/wp\/v2\/media?parent=28949"}],"wp:term":[{"taxonomy":"product_cat","embeddable":true,"href":"https:\/\/bodega.canfeliu.es\/tienda\/en\/wp-json\/wp\/v2\/product_cat?post=28949"},{"taxonomy":"product_tag","embeddable":true,"href":"https:\/\/bodega.canfeliu.es\/tienda\/en\/wp-json\/wp\/v2\/product_tag?post=28949"}],"curies":[{"name":"wp","href":"https:\/\/api.w.org\/{rel}","templated":true}]}}