{"id":32019,"date":"2022-07-12T10:58:59","date_gmt":"2022-07-12T10:58:59","guid":{"rendered":"https:\/\/dev.trescaires.com\/?page_id=32019"},"modified":"2022-07-12T11:00:45","modified_gmt":"2022-07-12T11:00:45","slug":"derecho-de-retirada","status":"publish","type":"page","link":"https:\/\/bodega.canfeliu.es\/tienda\/derecho-de-retirada\/","title":{"rendered":"Derecho de retirada"},"content":{"rendered":"\t\t<div data-elementor-type=\"wp-page\" data-elementor-id=\"32019\" class=\"elementor elementor-32019\">\n\t\t\t\t\t\t\t\t\t<section class=\"wd-negative-gap elementor-section elementor-top-section elementor-element elementor-element-c48d507 elementor-section-boxed elementor-section-height-default elementor-section-height-default wd-section-disabled\" data-id=\"c48d507\" data-element_type=\"section\">\n\t\t\t\t\t\t<div class=\"elementor-container elementor-column-gap-default\">\n\t\t\t\t\t<div class=\"elementor-column elementor-col-100 elementor-top-column elementor-element elementor-element-b2d5115\" data-id=\"b2d5115\" data-element_type=\"column\">\n\t\t\t<div class=\"elementor-widget-wrap elementor-element-populated\">\n\t\t\t\t\t\t\t\t<div class=\"elementor-element elementor-element-cb357d7 elementor-widget elementor-widget-wd_text_block\" data-id=\"cb357d7\" data-element_type=\"widget\" data-widget_type=\"wd_text_block.default\">\n\t\t\t\t<div class=\"elementor-widget-container\">\n\t\t\t\t\t<div class=\"wd-text-block reset-last-child text-left\">\n\t\t\t\n\t\t\t<p>DEVOLUCIONES<\/p><p>El Usuario tiene derecho a la cancelaci\u00f3n del pedido realizado sin coste alguno hasta el momento en que el env\u00edo o la recogida se hace efectiva. Una vez el pedido se pone a disposici\u00f3n de la compa\u00f1\u00eda de transporte o bien, el Usuario ha recogido su pedido en uno de los puntos de recogida establecidos, la reclamaci\u00f3n por parte del Usuario se considerar\u00e1 una devoluci\u00f3n.<\/p><p>1.TIEMPO DEVOLUCI\u00d3N<\/p><p>\u00a0El Usuario\u00a0puede hacer la devoluci\u00f3n hasta 14 d\u00edas naturales a partir de la recepci\u00f3n del producto.<\/p><p>2.CANALES DE DEVOLUCI\u00d3N<\/p><p>Si el Usuario desea realizar una devoluci\u00f3n, tendr\u00e1 que hacerlo a trav\u00e9s de estos canales indicando el numero de pedido y los productos a devolver:<\/p><p>- Mediante el env\u00edo de un correo electr\u00f3nico a\u00a0<a href=\"https:\/\/trescairesonline.es\/l\/ventasonline@trescaires.com\">ventasonline@trescaires.com<\/a><\/p><p>-Presencialmente en nuestros almacenes de Mallorca en\u00a0horario de lunes a viernes de 8:30 a 15:00\u00a0<\/p><p>C\/ Mar Mediterranea, 48 07180 Pol Son Bugadelles-Calvia<\/p><p>Una vez tengamos la solicitud de devoluci\u00f3n con los datos necesarios para la misma,\u00a0\u00a0enviaremos una gu\u00eda a su correo electr\u00f3nico dentro de las siguientes 48 horas para que la pueda utilizar y devolver los productos. Debe imprimir la gu\u00eda rellenada y llevarla junto al producto<\/p><p>En caso de que el producto no cumpla con las condiciones para aceptar la devoluci\u00f3n. Informaremos al Usuario con mensaje al correo electr\u00f3nico la raz\u00f3n por la cual no procede el cambio y\/o garant\u00eda.<\/p><p>3.FORMAS Y TIEMPOS DE REEMBOLSO<\/p><p>-\u00a0Utilizando el mismo medio de pago que el Usuario utiliz\u00f3 para la compra inicial.<\/p><p>-\u00a0Cambio del producto por uno nuevo u otro (previo abono de los gastos de env\u00edo, si los hubiera).<\/p><p>-Cup\u00f3n para realizar una nueva compra, con una validez por un tiempo limitado de 6 meses.<\/p><p>Tras la comprobaci\u00f3n del buen estado de los productos se proceder\u00e1 al reembolso del importe correspondiente a las unidades devueltas en un plazo m\u00e1ximo de 10 d\u00edas naturales\u00a0<\/p><p>4.<strong>\u00a0condiciones del producto para que aplique la devoluci\u00f3n.<\/strong><\/p><p>-No se podr\u00e1 ejercer el derecho de devoluci\u00f3n cuando existan indicios de que los productos han sido abiertos, manipulados o expuestos a condiciones inadecuadas.<\/p><p>-Es obligatorio devolver los productos protegidos correctamente, en su embalaje original, en perfecto estado para su venta posterior.<\/p><p>-No se podr\u00e1 aceptar ning\u00fan paquete que carezca de alguno de los elementos de identificaci\u00f3n del remitente (nombre, apellidos, direcci\u00f3n, n\u00famero de pedido).<\/p><p>-La devoluci\u00f3n de los productos solicitados dar\u00e1 lugar al reembolso de la totalidad de las cantidades abonadas por el Usuario.<\/p><p>En caso de que no cumpla las condiciones de devoluci\u00f3n, el Usuario decidir\u00e1 el destino final del producto, corriendo a cargo de los gastos , si los hubiera.<\/p><p>5.\u00a0\u00a0\u00a0\u00a0\u00a0Los gastos de env\u00edo corren a cargo del cliente, as\u00ed como los de devoluci\u00f3n. Quedan excluidas de este caso aquellas devoluciones que se deriven de un error nuestro o de alg\u00fan defecto del producto. En tal caso, Destil\u00b7leries i Cellers Jordi Perell\u00f3 S.L. se compromete a cambiar el producto defectuoso por otro igual o se reintegrar\u00e1 el importe. Tambi\u00e9n se har\u00e1 cargo de los gastos de devoluci\u00f3n y posterior env\u00edo.<\/p><p>No cabe el desistimiento en los supuestos contemplados en el art\u00edculo 103 del Real Decreto legislativo 1\/2007 de 16 de noviembre, por el que se aprueba el Texto Refundido de la Ley General para la Defensa de Consumidores y Usuarios. De manera enumerativa pero no limitativa no cabe la devoluci\u00f3n en el caso de productos personalizados ni perecederos sin perjuicio de lo anterior, en caso de duda, el Cliente podr\u00e1 dirigirse a\u00a0Destil\u00b7leries i Cellers Jordi Perell\u00f3 S.L.\u00a0\u00a0con car\u00e1cter previo.<\/p>\n\t\t\t\t\t<\/div>\n\t\t\t\t<\/div>\n\t\t\t\t<\/div>\n\t\t\t\t\t<\/div>\n\t\t<\/div>\n\t\t\t\t\t\t\t<\/div>\n\t\t<\/section>\n\t\t\t\t\t\t\t<\/div>\n\t\t","protected":false},"excerpt":{"rendered":"<p>DEVOLUCIONES El Usuario tiene derecho a la cancelaci\u00f3n del pedido realizado sin coste alguno hasta el momento en que el<\/p>\n","protected":false},"author":1,"featured_media":0,"parent":0,"menu_order":0,"comment_status":"closed","ping_status":"closed","template":"","meta":{"footnotes":""},"class_list":["post-32019","page","type-page","status-publish","hentry"],"yoast_head":"<!-- This site is optimized with the Yoast SEO plugin v23.5 - https:\/\/yoast.com\/wordpress\/plugins\/seo\/ -->\n<title>Bodega Can Feliu -<\/title>\n<meta name=\"description\" content=\"La bodega Can Feliu es el coraz\u00f3n de nuestro Agroturismo. Un alojamiento para amantes de la naturaleza. Una bodega en Mallorca donde encontrar\u00e1s la mejor selecci\u00f3n de vinos.\" \/>\n<meta name=\"robots\" content=\"index, follow, max-snippet:-1, max-image-preview:large, max-video-preview:-1\" \/>\n<link rel=\"canonical\" href=\"https:\/\/bodega.canfeliu.es\/tienda\/derecho-de-retirada\/\" \/>\n<meta property=\"og:locale\" content=\"es_ES\" \/>\n<meta property=\"og:type\" content=\"article\" \/>\n<meta property=\"og:title\" content=\"Bodega Can Feliu -\" \/>\n<meta property=\"og:description\" content=\"La bodega Can Feliu es el coraz\u00f3n de nuestro Agroturismo. Un alojamiento para amantes de la naturaleza. Una bodega en Mallorca donde encontrar\u00e1s la mejor selecci\u00f3n de vinos.\" \/>\n<meta property=\"og:url\" content=\"https:\/\/bodega.canfeliu.es\/tienda\/derecho-de-retirada\/\" \/>\n<meta property=\"og:site_name\" content=\"Bodega Can Feliu\" \/>\n<meta property=\"article:publisher\" content=\"https:\/\/www.facebook.com\/destileriasjordiperello\" \/>\n<meta property=\"article:modified_time\" content=\"2022-07-12T11:00:45+00:00\" \/>\n<meta name=\"twitter:card\" content=\"summary_large_image\" \/>\n<meta name=\"twitter:site\" content=\"@trescaires\" \/>\n<meta name=\"twitter:label1\" content=\"Tiempo de lectura\" \/>\n\t<meta name=\"twitter:data1\" content=\"31 minutos\" \/>\n<script type=\"application\/ld+json\" class=\"yoast-schema-graph\">{\"@context\":\"https:\/\/schema.org\",\"@graph\":[{\"@type\":\"WebPage\",\"@id\":\"https:\/\/bodega.canfeliu.es\/tienda\/derecho-de-retirada\/\",\"url\":\"https:\/\/bodega.canfeliu.es\/tienda\/derecho-de-retirada\/\",\"name\":\"Bodega Can Feliu -\",\"isPartOf\":{\"@id\":\"https:\/\/bodega.canfeliu.es\/tienda\/#website\"},\"datePublished\":\"2022-07-12T10:58:59+00:00\",\"dateModified\":\"2022-07-12T11:00:45+00:00\",\"description\":\"La bodega Can Feliu es el coraz\u00f3n de nuestro Agroturismo. Un alojamiento para amantes de la naturaleza. Una bodega en Mallorca donde encontrar\u00e1s la mejor selecci\u00f3n de vinos.\",\"breadcrumb\":{\"@id\":\"https:\/\/bodega.canfeliu.es\/tienda\/derecho-de-retirada\/#breadcrumb\"},\"inLanguage\":\"es\",\"potentialAction\":[{\"@type\":\"ReadAction\",\"target\":[\"https:\/\/bodega.canfeliu.es\/tienda\/derecho-de-retirada\/\"]}]},{\"@type\":\"BreadcrumbList\",\"@id\":\"https:\/\/bodega.canfeliu.es\/tienda\/derecho-de-retirada\/#breadcrumb\",\"itemListElement\":[{\"@type\":\"ListItem\",\"position\":1,\"name\":\"Home\",\"item\":\"https:\/\/bodega.canfeliu.es\/tienda\/\"},{\"@type\":\"ListItem\",\"position\":2,\"name\":\"Derecho de retirada\"}]},{\"@type\":\"WebSite\",\"@id\":\"https:\/\/bodega.canfeliu.es\/tienda\/#website\",\"url\":\"https:\/\/bodega.canfeliu.es\/tienda\/\",\"name\":\"Tienda Online - Bodega Can Feliu\",\"description\":\"Tienda de vinos de Can Feliu\",\"publisher\":{\"@id\":\"https:\/\/bodega.canfeliu.es\/tienda\/#organization\"},\"potentialAction\":[{\"@type\":\"SearchAction\",\"target\":{\"@type\":\"EntryPoint\",\"urlTemplate\":\"https:\/\/bodega.canfeliu.es\/tienda\/?s={search_term_string}\"},\"query-input\":{\"@type\":\"PropertyValueSpecification\",\"valueRequired\":true,\"valueName\":\"search_term_string\"}}],\"inLanguage\":\"es\"},{\"@type\":\"Organization\",\"@id\":\"https:\/\/bodega.canfeliu.es\/tienda\/#organization\",\"name\":\"Bodega Can Feliu\",\"url\":\"https:\/\/bodega.canfeliu.es\/tienda\/\",\"logo\":{\"@type\":\"ImageObject\",\"inLanguage\":\"es\",\"@id\":\"https:\/\/bodega.canfeliu.es\/tienda\/#\/schema\/logo\/image\/\",\"url\":\"https:\/\/bodega.canfeliu.es\/wp-content\/uploads\/CANFELIU.png\",\"contentUrl\":\"https:\/\/bodega.canfeliu.es\/wp-content\/uploads\/CANFELIU.png\",\"width\":971,\"height\":679,\"caption\":\"Bodega Can Feliu\"},\"image\":{\"@id\":\"https:\/\/bodega.canfeliu.es\/tienda\/#\/schema\/logo\/image\/\"},\"sameAs\":[\"https:\/\/www.facebook.com\/destileriasjordiperello\",\"https:\/\/x.com\/trescaires\",\"https:\/\/www.instagram.com\/3caires\/\",\"https:\/\/www.youtube.com\/channel\/UC6ap8Z44twW0MjR2lQ6WeEw\"]}]}<\/script>\n<!-- \/ Yoast SEO plugin. -->","yoast_head_json":{"title":"Bodega Can Feliu -","description":"La bodega Can Feliu es el coraz\u00f3n de nuestro Agroturismo. Un alojamiento para amantes de la naturaleza. Una bodega en Mallorca donde encontrar\u00e1s la mejor selecci\u00f3n de vinos.","robots":{"index":"index","follow":"follow","max-snippet":"max-snippet:-1","max-image-preview":"max-image-preview:large","max-video-preview":"max-video-preview:-1"},"canonical":"https:\/\/bodega.canfeliu.es\/tienda\/derecho-de-retirada\/","og_locale":"es_ES","og_type":"article","og_title":"Bodega Can Feliu -","og_description":"La bodega Can Feliu es el coraz\u00f3n de nuestro Agroturismo. Un alojamiento para amantes de la naturaleza. Una bodega en Mallorca donde encontrar\u00e1s la mejor selecci\u00f3n de vinos.","og_url":"https:\/\/bodega.canfeliu.es\/tienda\/derecho-de-retirada\/","og_site_name":"Bodega Can Feliu","article_publisher":"https:\/\/www.facebook.com\/destileriasjordiperello","article_modified_time":"2022-07-12T11:00:45+00:00","twitter_card":"summary_large_image","twitter_site":"@trescaires","twitter_misc":{"Tiempo de lectura":"31 minutos"},"schema":{"@context":"https:\/\/schema.org","@graph":[{"@type":"WebPage","@id":"https:\/\/bodega.canfeliu.es\/tienda\/derecho-de-retirada\/","url":"https:\/\/bodega.canfeliu.es\/tienda\/derecho-de-retirada\/","name":"Bodega Can Feliu -","isPartOf":{"@id":"https:\/\/bodega.canfeliu.es\/tienda\/#website"},"datePublished":"2022-07-12T10:58:59+00:00","dateModified":"2022-07-12T11:00:45+00:00","description":"La bodega Can Feliu es el coraz\u00f3n de nuestro Agroturismo. Un alojamiento para amantes de la naturaleza. Una bodega en Mallorca donde encontrar\u00e1s la mejor selecci\u00f3n de vinos.","breadcrumb":{"@id":"https:\/\/bodega.canfeliu.es\/tienda\/derecho-de-retirada\/#breadcrumb"},"inLanguage":"es","potentialAction":[{"@type":"ReadAction","target":["https:\/\/bodega.canfeliu.es\/tienda\/derecho-de-retirada\/"]}]},{"@type":"BreadcrumbList","@id":"https:\/\/bodega.canfeliu.es\/tienda\/derecho-de-retirada\/#breadcrumb","itemListElement":[{"@type":"ListItem","position":1,"name":"Home","item":"https:\/\/bodega.canfeliu.es\/tienda\/"},{"@type":"ListItem","position":2,"name":"Derecho de retirada"}]},{"@type":"WebSite","@id":"https:\/\/bodega.canfeliu.es\/tienda\/#website","url":"https:\/\/bodega.canfeliu.es\/tienda\/","name":"Tienda Online - Bodega Can Feliu","description":"Tienda de vinos de Can Feliu","publisher":{"@id":"https:\/\/bodega.canfeliu.es\/tienda\/#organization"},"potentialAction":[{"@type":"SearchAction","target":{"@type":"EntryPoint","urlTemplate":"https:\/\/bodega.canfeliu.es\/tienda\/?s={search_term_string}"},"query-input":{"@type":"PropertyValueSpecification","valueRequired":true,"valueName":"search_term_string"}}],"inLanguage":"es"},{"@type":"Organization","@id":"https:\/\/bodega.canfeliu.es\/tienda\/#organization","name":"Bodega Can Feliu","url":"https:\/\/bodega.canfeliu.es\/tienda\/","logo":{"@type":"ImageObject","inLanguage":"es","@id":"https:\/\/bodega.canfeliu.es\/tienda\/#\/schema\/logo\/image\/","url":"https:\/\/bodega.canfeliu.es\/wp-content\/uploads\/CANFELIU.png","contentUrl":"https:\/\/bodega.canfeliu.es\/wp-content\/uploads\/CANFELIU.png","width":971,"height":679,"caption":"Bodega Can Feliu"},"image":{"@id":"https:\/\/bodega.canfeliu.es\/tienda\/#\/schema\/logo\/image\/"},"sameAs":["https:\/\/www.facebook.com\/destileriasjordiperello","https:\/\/x.com\/trescaires","https:\/\/www.instagram.com\/3caires\/","https:\/\/www.youtube.com\/channel\/UC6ap8Z44twW0MjR2lQ6WeEw"]}]}},"_links":{"self":[{"href":"https:\/\/bodega.canfeliu.es\/tienda\/wp-json\/wp\/v2\/pages\/32019","targetHints":{"allow":["GET"]}}],"collection":[{"href":"https:\/\/bodega.canfeliu.es\/tienda\/wp-json\/wp\/v2\/pages"}],"about":[{"href":"https:\/\/bodega.canfeliu.es\/tienda\/wp-json\/wp\/v2\/types\/page"}],"author":[{"embeddable":true,"href":"https:\/\/bodega.canfeliu.es\/tienda\/wp-json\/wp\/v2\/users\/1"}],"replies":[{"embeddable":true,"href":"https:\/\/bodega.canfeliu.es\/tienda\/wp-json\/wp\/v2\/comments?post=32019"}],"version-history":[{"count":0,"href":"https:\/\/bodega.canfeliu.es\/tienda\/wp-json\/wp\/v2\/pages\/32019\/revisions"}],"wp:attachment":[{"href":"https:\/\/bodega.canfeliu.es\/tienda\/wp-json\/wp\/v2\/media?parent=32019"}],"curies":[{"name":"wp","href":"https:\/\/api.w.org\/{rel}","templated":true}]}}